{"id":4514,"date":"2025-08-20T14:41:28","date_gmt":"2025-08-20T13:41:28","guid":{"rendered":"https:\/\/ecolestmichel-laremaudiere.fr\/?page_id=4514"},"modified":"2026-08-31T14:35:35","modified_gmt":"2026-08-31T13:35:35","slug":"mesmerize","status":"publish","type":"page","link":"https:\/\/ecolestmichel-laremaudiere.fr\/","title":{"rendered":"Front Page"},"content":{"rendered":"<div id=\"pl-4514\"  class=\"panel-layout\" ><div id=\"pg-4514-0\"  class=\"panel-grid panel-no-style\" ><div id=\"pgc-4514-0-0\"  class=\"panel-grid-cell\" ><div id=\"panel-4514-0-0-0\" class=\"so-panel widget widget_media_image panel-first-child panel-last-child\" data-index=\"0\" ><img loading=\"lazy\" decoding=\"async\" width=\"724\" height=\"1024\" src=\"https:\/\/ecolestmichel-laremaudiere.fr\/wp-content\/uploads\/2025\/08\/Affiche-inscription-724x1024.png\" class=\"image wp-image-4536  attachment-large size-large\" alt=\"\" style=\"max-width: 100%; height: auto;\" srcset=\"https:\/\/ecolestmichel-laremaudiere.fr\/wp-content\/uploads\/2025\/08\/Affiche-inscription-724x1024.png 724w, https:\/\/ecolestmichel-laremaudiere.fr\/wp-content\/uploads\/2025\/08\/Affiche-inscription-212x300.png 212w, https:\/\/ecolestmichel-laremaudiere.fr\/wp-content\/uploads\/2025\/08\/Affiche-inscription-768x1086.png 768w, https:\/\/ecolestmichel-laremaudiere.fr\/wp-content\/uploads\/2025\/08\/Affiche-inscription-1086x1536.png 1086w, https:\/\/ecolestmichel-laremaudiere.fr\/wp-content\/uploads\/2025\/08\/Affiche-inscription-1024x1448.png 1024w, https:\/\/ecolestmichel-laremaudiere.fr\/wp-content\/uploads\/2025\/08\/Affiche-inscription-764x1080.png 764w, https:\/\/ecolestmichel-laremaudiere.fr\/wp-content\/uploads\/2025\/08\/Affiche-inscription.png 1414w\" sizes=\"auto, (max-width: 724px) 100vw, 724px\" \/><\/div><\/div><div id=\"pgc-4514-0-1\"  class=\"panel-grid-cell\" ><div id=\"panel-4514-0-1-0\" class=\"so-panel widget widget_media_image panel-first-child\" data-index=\"1\" ><img loading=\"lazy\" decoding=\"async\" width=\"288\" height=\"300\" src=\"https:\/\/ecolestmichel-laremaudiere.fr\/wp-content\/uploads\/2026\/08\/bag-288x300.jpg\" class=\"image wp-image-4857  attachment-medium size-medium\" alt=\"\" style=\"max-width: 100%; height: auto;\" srcset=\"https:\/\/ecolestmichel-laremaudiere.fr\/wp-content\/uploads\/2026\/08\/bag-288x300.jpg 288w, https:\/\/ecolestmichel-laremaudiere.fr\/wp-content\/uploads\/2026\/08\/bag.jpg 394w\" sizes=\"auto, (max-width: 288px) 100vw, 288px\" \/><\/div><div id=\"panel-4514-0-1-1\" class=\"so-panel widget widget_text panel-last-child\" data-index=\"2\" >\t\t\t<div class=\"textwidget\"><p>C&rsquo;est l&rsquo;heure de la rentr\u00e9e !<\/p>\n<p>Composition de l\u2019\u00e9quipe p\u00e9dagogique pour l\u2019ann\u00e9e scolaire 2026-2027 :<\/p>\n<p>PS\/MS : Ana\u00efs Renaud, accompagn\u00e9e de Christelle Brangeon et Cl\u00e9mentine Fruneau (ASEM)<\/p>\n<p>MS\/GS : Sophie Viaud , accompagn\u00e9e de B\u00e9atrice Renaudineau (ASEM)<\/p>\n<p>CP\/CE1 : Sophie Soulard<\/p>\n<p>CE1\/CE2 : Laurie P\u00e9neau<\/p>\n<p>CE2\/CM1 : Vincent Richard (chef d\u2019\u00e9tablissement) et Clarisse Blanchard<\/p>\n<p>CM1\/CM2 : Alexandre Lavenant<\/p>\n<p>R\u00e9seau d\u2019aide (RASED) : Emilie Boiteux<\/p>\n<p>La pr\u00e9-rentr\u00e9e aura lieu l<b>e <\/b><b>lundi 31<\/b><b> ao\u00fbt, de 16h30 \u00e0 18h.<\/b><\/p>\n<p>Vous trouverez les documents de rentr\u00e9e dans l&rsquo;onglet \u00a0\u00bb Inscription\u00a0\u00bb puis \u00ab\u00a0Documents de rentr\u00e9e\u00a0\u00bb.<\/p>\n<\/div>\n\t\t<\/div><\/div><\/div><div id=\"pg-4514-1\"  class=\"panel-grid panel-no-style\" ><div id=\"pgc-4514-1-0\"  class=\"panel-grid-cell panel-grid-cell-empty\" ><\/div><\/div><div id=\"pg-4514-2\"  class=\"panel-grid panel-no-style\" ><div id=\"pgc-4514-2-0\"  class=\"panel-grid-cell\" ><div id=\"panel-4514-2-0-0\" class=\"so-panel widget widget_sow-post-carousel panel-first-child panel-last-child\" data-index=\"3\" ><div\n\t\t\t\n\t\t\tclass=\"so-widget-sow-post-carousel so-widget-sow-post-carousel-base-0471499d4c66-4514\"\n\t\t\t\n\t\t>\t<div\n\t\tclass=\"sow-post-carousel-wrapper sow-post-carousel-theme-base\"\n\t\tstyle=\"overflow: hidden; max-width: 100%; min-height: 182px\"\n\t>\n\t\t<div class=\"sow-carousel-title has-title\">\n\t<h3 class=\"widget-title\">Les derniers articles<\/h3>\t\t<div class=\"sow-carousel-navigation \">\n\t\t\t\t\t\t<a href=\"#\" class=\"sow-carousel-next\" title=\"Suivant\" aria-label=\"Next Posts\" role=\"button\"><\/a>\n\t\t\t\t\t\t<a href=\"#\" class=\"sow-carousel-previous\" title=\"Pr\u00e9c\u00e9dent\" aria-label=\"Previous Posts\" role=\"button\"><\/a>\n\t\t\t\t\t<\/div>\n\t<\/div>\n\n<div class=\"sow-carousel-container \">\n\t\t<div class=\"sow-carousel-wrapper\"\n\t\tdata-dir=\"ltr\"\n\t\tstyle=\"opacity: 0;\"\n\t\tdata-widget=\"post\" data-fetching=\"false\" data-page=\"1\" data-ajax-url=\"https:\/\/ecolestmichel-laremaudiere.fr\/wp-admin\/admin-ajax.php?_widgets_nonce=3b9ea832ad\" data-item_count=\"134\" data-carousel_settings=\"{&quot;loop&quot;:true,&quot;animation&quot;:&quot;ease&quot;,&quot;animation_speed&quot;:400,&quot;autoplay&quot;:&quot;off&quot;,&quot;pauseOnHover&quot;:&quot;&quot;,&quot;autoplaySpeed&quot;:8000,&quot;item_overflow&quot;:true,&quot;autoplay_continuous_scroll&quot;:false}\" data-responsive=\"{&quot;desktop_slides_to_scroll&quot;:1,&quot;tablet_landscape_breakpoint&quot;:1366,&quot;tablet_landscape_slides_to_scroll&quot;:2,&quot;tablet_portrait_breakpoint&quot;:1025,&quot;tablet_portrait_slides_to_scroll&quot;:2,&quot;mobile_breakpoint&quot;:480,&quot;mobile_slides_to_scroll&quot;:1}\" data-variable_width=\"true\" \t>\n\t\t<div\n\t\t\tclass=\"sow-carousel-items\"\n\t\t\t\t\t>\n\t\t\t\t<div class=\"sow-carousel-item\" tabindex=\"-1\" style=\"float: left;\">\n\t\t<div class=\"sow-carousel-thumbnail\">\n\t\t\t\t\t\t\t<a\n\t\t\t\t\thref=\"https:\/\/ecolestmichel-laremaudiere.fr\/?p=4817\"\n\t\t\t\t\t\t\t\t\t\tstyle=\"background-image: url( https:\/\/ecolestmichel-laremaudiere.fr\/wp-content\/uploads\/2026\/07\/OIP-3-272x182.webp )\"\n\t\t\t\t\taria-labelledby=\"sow-carousel-id-4817\"\n\t\t\t\t\ttabindex=\"-1\"\n\t\t\t\t>\n\t\t\t\t\t<span class=\"overlay\"><\/span>\n\t\t\t\t<\/a>\n\t\t\t\t\t<\/div>\n\t\t<h3 class=\"sow-carousel-item-title\">\n\t\t\t<a\n\t\t\t\thref=\"https:\/\/ecolestmichel-laremaudiere.fr\/?p=4817\"\n\t\t\t\tid=\"sow-carousel-id-4817\"\n\t\t\t\t\t\t\t\ttabindex=\"-1\"\n\t\t\t>\n\n\t\t\t\tSortie de fin d&rsquo;ann\u00e9e \u00e0 Natural Parc\t\t\t<\/a>\n\t\t<\/h3>\n\t<\/div>\n\t\t<div class=\"sow-carousel-item\" tabindex=\"-1\" style=\"float: left;\">\n\t\t<div class=\"sow-carousel-thumbnail\">\n\t\t\t\t\t\t\t<a\n\t\t\t\t\thref=\"https:\/\/ecolestmichel-laremaudiere.fr\/?p=4789\"\n\t\t\t\t\t\t\t\t\t\tstyle=\"background-image: url( https:\/\/ecolestmichel-laremaudiere.fr\/wp-content\/uploads\/2026\/06\/Capture-decran-2026-06-21-a-13.18.23-272x182.png )\"\n\t\t\t\t\taria-labelledby=\"sow-carousel-id-4789\"\n\t\t\t\t\ttabindex=\"-1\"\n\t\t\t\t>\n\t\t\t\t\t<span class=\"overlay\"><\/span>\n\t\t\t\t<\/a>\n\t\t\t\t\t<\/div>\n\t\t<h3 class=\"sow-carousel-item-title\">\n\t\t\t<a\n\t\t\t\thref=\"https:\/\/ecolestmichel-laremaudiere.fr\/?p=4789\"\n\t\t\t\tid=\"sow-carousel-id-4789\"\n\t\t\t\t\t\t\t\ttabindex=\"-1\"\n\t\t\t>\n\n\t\t\t\tLecture des CP-CE1 aux PS-MS\t\t\t<\/a>\n\t\t<\/h3>\n\t<\/div>\n\t\t<div class=\"sow-carousel-item\" tabindex=\"-1\" style=\"float: left;\">\n\t\t<div class=\"sow-carousel-thumbnail\">\n\t\t\t\t\t\t\t<a\n\t\t\t\t\thref=\"https:\/\/ecolestmichel-laremaudiere.fr\/?p=4783\"\n\t\t\t\t\t\t\t\t\t\tstyle=\"background-image: url( https:\/\/ecolestmichel-laremaudiere.fr\/wp-content\/uploads\/2026\/06\/3b57cb3a-8551-466d-b697-4a7d1f02de37-272x182.jpg )\"\n\t\t\t\t\taria-labelledby=\"sow-carousel-id-4783\"\n\t\t\t\t\ttabindex=\"-1\"\n\t\t\t\t>\n\t\t\t\t\t<span class=\"overlay\"><\/span>\n\t\t\t\t<\/a>\n\t\t\t\t\t<\/div>\n\t\t<h3 class=\"sow-carousel-item-title\">\n\t\t\t<a\n\t\t\t\thref=\"https:\/\/ecolestmichel-laremaudiere.fr\/?p=4783\"\n\t\t\t\tid=\"sow-carousel-id-4783\"\n\t\t\t\t\t\t\t\ttabindex=\"-1\"\n\t\t\t>\n\n\t\t\t\tConcert \u00ab\u00a0Le tour du monde en chantant\u00a0\u00bb\t\t\t<\/a>\n\t\t<\/h3>\n\t<\/div>\n\t\t<div class=\"sow-carousel-item\" tabindex=\"-1\" style=\"float: left;\">\n\t\t<div class=\"sow-carousel-thumbnail\">\n\t\t\t\t\t\t\t<a\n\t\t\t\t\thref=\"https:\/\/ecolestmichel-laremaudiere.fr\/?p=4773\"\n\t\t\t\t\t\t\t\t\t\tstyle=\"background-image: url( https:\/\/ecolestmichel-laremaudiere.fr\/wp-content\/uploads\/2026\/06\/Capture-decran-2026-06-21-a-12.11.32-272x182.png )\"\n\t\t\t\t\taria-labelledby=\"sow-carousel-id-4773\"\n\t\t\t\t\ttabindex=\"-1\"\n\t\t\t\t>\n\t\t\t\t\t<span class=\"overlay\"><\/span>\n\t\t\t\t<\/a>\n\t\t\t\t\t<\/div>\n\t\t<h3 class=\"sow-carousel-item-title\">\n\t\t\t<a\n\t\t\t\thref=\"https:\/\/ecolestmichel-laremaudiere.fr\/?p=4773\"\n\t\t\t\tid=\"sow-carousel-id-4773\"\n\t\t\t\t\t\t\t\ttabindex=\"-1\"\n\t\t\t>\n\n\t\t\t\tSortie cycle 2 \u00e0 la base de loisirs Cap Nature\t\t\t<\/a>\n\t\t<\/h3>\n\t<\/div>\n\t\t<div class=\"sow-carousel-item\" tabindex=\"-1\" style=\"float: left;\">\n\t\t<div class=\"sow-carousel-thumbnail\">\n\t\t\t\t\t\t\t<a\n\t\t\t\t\thref=\"https:\/\/ecolestmichel-laremaudiere.fr\/?p=4813\"\n\t\t\t\t\t\t\t\t\t\tstyle=\"background-image: url( https:\/\/ecolestmichel-laremaudiere.fr\/wp-content\/uploads\/2026\/07\/OIP-2-272x182.webp )\"\n\t\t\t\t\taria-labelledby=\"sow-carousel-id-4813\"\n\t\t\t\t\ttabindex=\"-1\"\n\t\t\t\t>\n\t\t\t\t\t<span class=\"overlay\"><\/span>\n\t\t\t\t<\/a>\n\t\t\t\t\t<\/div>\n\t\t<h3 class=\"sow-carousel-item-title\">\n\t\t\t<a\n\t\t\t\thref=\"https:\/\/ecolestmichel-laremaudiere.fr\/?p=4813\"\n\t\t\t\tid=\"sow-carousel-id-4813\"\n\t\t\t\t\t\t\t\ttabindex=\"-1\"\n\t\t\t>\n\n\t\t\t\tAnimation sur les arbres &#8211; La Cicadelle\t\t\t<\/a>\n\t\t<\/h3>\n\t<\/div>\n\t\t<div class=\"sow-carousel-item\" tabindex=\"-1\" style=\"float: left;\">\n\t\t<div class=\"sow-carousel-thumbnail\">\n\t\t\t\t\t\t\t<a\n\t\t\t\t\thref=\"https:\/\/ecolestmichel-laremaudiere.fr\/?p=4760\"\n\t\t\t\t\t\t\t\t\t\tstyle=\"background-image: url( https:\/\/ecolestmichel-laremaudiere.fr\/wp-content\/uploads\/2026\/05\/IMG20260522102531-1-272x182.jpg )\"\n\t\t\t\t\taria-labelledby=\"sow-carousel-id-4760\"\n\t\t\t\t\ttabindex=\"-1\"\n\t\t\t\t>\n\t\t\t\t\t<span class=\"overlay\"><\/span>\n\t\t\t\t<\/a>\n\t\t\t\t\t<\/div>\n\t\t<h3 class=\"sow-carousel-item-title\">\n\t\t\t<a\n\t\t\t\thref=\"https:\/\/ecolestmichel-laremaudiere.fr\/?p=4760\"\n\t\t\t\tid=\"sow-carousel-id-4760\"\n\t\t\t\t\t\t\t\ttabindex=\"-1\"\n\t\t\t>\n\n\t\t\t\tSortie au zoo\t\t\t<\/a>\n\t\t<\/h3>\n\t<\/div>\n\t\t<div class=\"sow-carousel-item\" tabindex=\"-1\" style=\"float: left;\">\n\t\t<div class=\"sow-carousel-thumbnail\">\n\t\t\t\t\t\t\t<a\n\t\t\t\t\thref=\"https:\/\/ecolestmichel-laremaudiere.fr\/?p=4745\"\n\t\t\t\t\t\t\t\t\t\tstyle=\"background-image: url( https:\/\/ecolestmichel-laremaudiere.fr\/wp-content\/uploads\/2026\/05\/1000022225-272x182.jpg )\"\n\t\t\t\t\taria-labelledby=\"sow-carousel-id-4745\"\n\t\t\t\t\ttabindex=\"-1\"\n\t\t\t\t>\n\t\t\t\t\t<span class=\"overlay\"><\/span>\n\t\t\t\t<\/a>\n\t\t\t\t\t<\/div>\n\t\t<h3 class=\"sow-carousel-item-title\">\n\t\t\t<a\n\t\t\t\thref=\"https:\/\/ecolestmichel-laremaudiere.fr\/?p=4745\"\n\t\t\t\tid=\"sow-carousel-id-4745\"\n\t\t\t\t\t\t\t\ttabindex=\"-1\"\n\t\t\t>\n\n\t\t\t\tV\u00e9lo CM1\t\t\t<\/a>\n\t\t<\/h3>\n\t<\/div>\n\t\t<div class=\"sow-carousel-item\" tabindex=\"-1\" style=\"float: left;\">\n\t\t<div class=\"sow-carousel-thumbnail\">\n\t\t\t\t\t\t\t<a\n\t\t\t\t\thref=\"https:\/\/ecolestmichel-laremaudiere.fr\/?p=4734\"\n\t\t\t\t\t\t\t\t\t\tstyle=\"background-image: url( https:\/\/ecolestmichel-laremaudiere.fr\/wp-content\/uploads\/2026\/05\/flow-movie-poster-601x901-2-272x182.jpg )\"\n\t\t\t\t\taria-labelledby=\"sow-carousel-id-4734\"\n\t\t\t\t\ttabindex=\"-1\"\n\t\t\t\t>\n\t\t\t\t\t<span class=\"overlay\"><\/span>\n\t\t\t\t<\/a>\n\t\t\t\t\t<\/div>\n\t\t<h3 class=\"sow-carousel-item-title\">\n\t\t\t<a\n\t\t\t\thref=\"https:\/\/ecolestmichel-laremaudiere.fr\/?p=4734\"\n\t\t\t\tid=\"sow-carousel-id-4734\"\n\t\t\t\t\t\t\t\ttabindex=\"-1\"\n\t\t\t>\n\n\t\t\t\tCin\u00e9 \u00e9cole et Cep Party\t\t\t<\/a>\n\t\t<\/h3>\n\t<\/div>\n\t\t<div class=\"sow-carousel-item\" tabindex=\"-1\" style=\"float: left;\">\n\t\t<div class=\"sow-carousel-thumbnail\">\n\t\t\t\t\t\t\t<a\n\t\t\t\t\thref=\"https:\/\/ecolestmichel-laremaudiere.fr\/?p=4809\"\n\t\t\t\t\t\t\t\t\t\tstyle=\"background-image: url( https:\/\/ecolestmichel-laremaudiere.fr\/wp-content\/uploads\/2026\/07\/OIP-1-272x182.webp )\"\n\t\t\t\t\taria-labelledby=\"sow-carousel-id-4809\"\n\t\t\t\t\ttabindex=\"-1\"\n\t\t\t\t>\n\t\t\t\t\t<span class=\"overlay\"><\/span>\n\t\t\t\t<\/a>\n\t\t\t\t\t<\/div>\n\t\t<h3 class=\"sow-carousel-item-title\">\n\t\t\t<a\n\t\t\t\thref=\"https:\/\/ecolestmichel-laremaudiere.fr\/?p=4809\"\n\t\t\t\tid=\"sow-carousel-id-4809\"\n\t\t\t\t\t\t\t\ttabindex=\"-1\"\n\t\t\t>\n\n\t\t\t\tJourn\u00e9e \u00e0 la Maison Bleue\t\t\t<\/a>\n\t\t<\/h3>\n\t<\/div>\n\t\t<div class=\"sow-carousel-item\" tabindex=\"-1\" style=\"float: left;\">\n\t\t<div class=\"sow-carousel-thumbnail\">\n\t\t\t\t\t\t\t<a\n\t\t\t\t\thref=\"https:\/\/ecolestmichel-laremaudiere.fr\/?p=4714\"\n\t\t\t\t\t\t\t\t\t\tstyle=\"background-image: url( https:\/\/ecolestmichel-laremaudiere.fr\/wp-content\/uploads\/2026\/03\/Capture-decran-2026-03-23-a-12.59.35-272x182.png )\"\n\t\t\t\t\taria-labelledby=\"sow-carousel-id-4714\"\n\t\t\t\t\ttabindex=\"-1\"\n\t\t\t\t>\n\t\t\t\t\t<span class=\"overlay\"><\/span>\n\t\t\t\t<\/a>\n\t\t\t\t\t<\/div>\n\t\t<h3 class=\"sow-carousel-item-title\">\n\t\t\t<a\n\t\t\t\thref=\"https:\/\/ecolestmichel-laremaudiere.fr\/?p=4714\"\n\t\t\t\tid=\"sow-carousel-id-4714\"\n\t\t\t\t\t\t\t\ttabindex=\"-1\"\n\t\t\t>\n\n\t\t\t\tSorties \u00e0 la biblioth\u00e8que\t\t\t<\/a>\n\t\t<\/h3>\n\t<\/div>\n\t\t\t<\/div>\n\t\t\t<\/div>\n\n\t<\/div>\n\t\t<input type=\"hidden\" name=\"instance_hash\" value=\"eb6755e6\"\/>\n\t<\/div>\n<\/div><\/div><\/div><\/div><\/div>","protected":false},"excerpt":{"rendered":"<p>C&rsquo;est l&rsquo;heure de la rentr\u00e9e ! Composition de l\u2019\u00e9quipe p\u00e9dagogique pour l\u2019ann\u00e9e scolaire 2026-2027 : PS\/MS : Ana\u00efs Renaud, accompagn\u00e9e de Christelle Brangeon et Cl\u00e9mentine Fruneau (ASEM) MS\/GS : Sophie Viaud , accompagn\u00e9e de B\u00e9atrice Renaudineau (ASEM) CP\/CE1 : Sophie Soulard CE1\/CE2 : Laurie P\u00e9neau CE2\/CM1 : Vincent Richard (chef d\u2019\u00e9tablissement) et Clarisse Blanchard CM1\/CM2&hellip; <br \/> <a class=\"read-more\" href=\"https:\/\/ecolestmichel-laremaudiere.fr\/\">Lire la suite<\/a><\/p>\n","protected":false},"author":4,"featured_media":0,"parent":0,"menu_order":0,"comment_status":"closed","ping_status":"closed","template":"page-templates\/homepage.php","meta":{"ngg_post_thumbnail":0,"footnotes":""},"class_list":["post-4514","page","type-page","status-publish","hentry"],"_links":{"self":[{"href":"https:\/\/ecolestmichel-laremaudiere.fr\/index.php?rest_route=\/wp\/v2\/pages\/4514","targetHints":{"allow":["GET"]}}],"collection":[{"href":"https:\/\/ecolestmichel-laremaudiere.fr\/index.php?rest_route=\/wp\/v2\/pages"}],"about":[{"href":"https:\/\/ecolestmichel-laremaudiere.fr\/index.php?rest_route=\/wp\/v2\/types\/page"}],"author":[{"embeddable":true,"href":"https:\/\/ecolestmichel-laremaudiere.fr\/index.php?rest_route=\/wp\/v2\/users\/4"}],"replies":[{"embeddable":true,"href":"https:\/\/ecolestmichel-laremaudiere.fr\/index.php?rest_route=%2Fwp%2Fv2%2Fcomments&post=4514"}],"version-history":[{"count":49,"href":"https:\/\/ecolestmichel-laremaudiere.fr\/index.php?rest_route=\/wp\/v2\/pages\/4514\/revisions"}],"predecessor-version":[{"id":4859,"href":"https:\/\/ecolestmichel-laremaudiere.fr\/index.php?rest_route=\/wp\/v2\/pages\/4514\/revisions\/4859"}],"wp:attachment":[{"href":"https:\/\/ecolestmichel-laremaudiere.fr\/index.php?rest_route=%2Fwp%2Fv2%2Fmedia&parent=4514"}],"curies":[{"name":"wp","href":"https:\/\/api.w.org\/{rel}","templated":true}]}}